{"id":942,"date":"2013-09-21T09:42:04","date_gmt":"2013-09-21T09:42:04","guid":{"rendered":"http:\/\/milano.scienzaunder18.net\/wordpress\/?page_id=942"},"modified":"2026-05-08T17:06:53","modified_gmt":"2026-05-08T15:06:53","slug":"news-2-2","status":"publish","type":"page","link":"https:\/\/milano.scienzaunder18.net\/wordpress\/","title":{"rendered":"NEWS"},"content":{"rendered":"<div class=\"wp-block-image\">\n<figure class=\"alignleft\"><img loading=\"lazy\" decoding=\"async\" width=\"300\" height=\"202\" src=\"https:\/\/milano.scienzaunder18.net\/wordpress\/wp-content\/uploads\/2012\/05\/chi-siamo.jpg\" alt=\"\" class=\"wp-image-606\" title=\"chi siamo\"\/><\/figure>\n<\/div>\n\n\n<p><em>&#8220;Abbiamo scoperto che la scienza \u00e8 difficile, ma se non lo fosse non ci divertiremmo&#8221;<\/em><\/p>\n\n\n\n<p><em>Scienza under18 Milano<\/em> \u00e8 un progetto sull\u2019educazione scientifica nato all\u2019interno dell\u2019Istituto sperimentale Rinascita A. Livi di Milano nel 1997 con l\u2019obiettivo di valorizzare l\u2019attivit\u00e0 degli studenti e l\u2019impegno &nbsp;dei docenti e per rendere visibili le buone pratiche di scienza prodotte all\u2019interno della Scuola.<br>Da questa esperienza \u00e8 nata l&#8217;<a href=\"http:\/\/www.scienzaunder18.net\/\" target=\"_blank\" rel=\"noopener noreferrer\">associazione nazionale Su18<\/a>.<\/p>\n\n\n\n<p><strong><img loading=\"lazy\" decoding=\"async\" title=\"news\" width=\"97\" height=\"98\" src=\"https:\/\/milano.scienzaunder18.net\/wordpress\/wp-content\/uploads\/2013\/09\/news-su18.png\" alt=\"\"><\/strong><\/p>\n\n\n<div class=\"wp-block-image\">\n<figure class=\"alignleft size-large is-resized\"><a href=\"https:\/\/milano.scienzaunder18.net\/wordpress\/wp-content\/uploads\/2026\/05\/Volantino-ScienzaUnder18.jpg\"><img loading=\"lazy\" decoding=\"async\" width=\"724\" height=\"1024\" src=\"https:\/\/milano.scienzaunder18.net\/wordpress\/wp-content\/uploads\/2026\/05\/Volantino-ScienzaUnder18-724x1024.jpg\" alt=\"Volantino-ScienzaUnder18\" class=\"wp-image-33118\" style=\"aspect-ratio:0.707027027027027;width:395px;height:auto\" title=\"chi siamo\" srcset=\"https:\/\/milano.scienzaunder18.net\/wordpress\/wp-content\/uploads\/2026\/05\/Volantino-ScienzaUnder18-724x1024.jpg 724w, https:\/\/milano.scienzaunder18.net\/wordpress\/wp-content\/uploads\/2026\/05\/Volantino-ScienzaUnder18-212x300.jpg 212w, https:\/\/milano.scienzaunder18.net\/wordpress\/wp-content\/uploads\/2026\/05\/Volantino-ScienzaUnder18-768x1086.jpg 768w, https:\/\/milano.scienzaunder18.net\/wordpress\/wp-content\/uploads\/2026\/05\/Volantino-ScienzaUnder18.jpg 800w\" sizes=\"auto, (max-width: 724px) 100vw, 724px\" \/><\/a><\/figure>\n<\/div>\n\n\n<p><strong>Scienza Under 18 torna a Milano<\/strong><\/p>\n\n\n\n<h4 class=\"wp-block-heading\">dal 12 al 14 maggio studenti di ogni et\u00e0 protagonisti della scienza al Parco Trotter<\/h4>\n\n\n\n<p><strong>Per tre giorni, dalle 9 alle 13, il Parco Trotter di Via Giacosa 46 a Milano si trasformer\u00e0 in un<\/strong><br><strong>grande laboratorio scientifico a cielo aperto. Torna la manifestazione Scienza Under 18 \u2013<\/strong><br><strong>Milano con la sua XXVIII edizione, uno degli appuntamenti pi\u00f9 attesi dell\u2019anno per la<\/strong><br><strong>divulgazione scientifica nelle scuole.<\/strong><\/p>\n\n\n\n<h4 class=\"wp-block-heading has-text-align-center has-white-color has-vivid-cyan-blue-background-color has-text-color has-background has-link-color has-medium-font-size wp-elements-09957a2829bd93f2ee5ec70fe2a6b57b\" style=\"font-style:normal;font-weight:700;text-transform:lowercase\"><a href=\"https:\/\/milano.scienzaunder18.net\/wordpress\/manifestazioni\/2026-2\/\">Clicca qui per il programma completo<\/a><\/h4>\n\n\n\n<p><\/p>\n\n\n\n<p><\/p>\n\n\n\n<p><strong><img loading=\"lazy\" decoding=\"async\" title=\"news\" width=\"97\" height=\"98\" src=\"https:\/\/milano.scienzaunder18.net\/wordpress\/wp-content\/uploads\/2013\/09\/news-su18.png\" alt=\"\">Io faccio cos\u00ec. Confrontiamoci! <\/strong>clicca sulla locandina per aprire la pagina dedicata<\/p>\n\n\n<div class=\"wp-block-image\">\n<figure class=\"aligncenter size-large\"><a href=\"https:\/\/milano.scienzaunder18.net\/wordpress\/news-2-2\/io-faccio-cosi-confrontiamoci\/\"><img loading=\"lazy\" decoding=\"async\" width=\"724\" height=\"1024\" src=\"https:\/\/milano.scienzaunder18.net\/wordpress\/wp-content\/uploads\/2025\/12\/2025_12_11-Scienza-under-18-Milano-2\u00b0incontro-724x1024.jpg\" alt=\"\" class=\"wp-image-2558\" srcset=\"https:\/\/milano.scienzaunder18.net\/wordpress\/wp-content\/uploads\/2025\/12\/2025_12_11-Scienza-under-18-Milano-2\u00b0incontro-724x1024.jpg 724w, https:\/\/milano.scienzaunder18.net\/wordpress\/wp-content\/uploads\/2025\/12\/2025_12_11-Scienza-under-18-Milano-2\u00b0incontro-212x300.jpg 212w, https:\/\/milano.scienzaunder18.net\/wordpress\/wp-content\/uploads\/2025\/12\/2025_12_11-Scienza-under-18-Milano-2\u00b0incontro-768x1086.jpg 768w, https:\/\/milano.scienzaunder18.net\/wordpress\/wp-content\/uploads\/2025\/12\/2025_12_11-Scienza-under-18-Milano-2\u00b0incontro-1086x1536.jpg 1086w, https:\/\/milano.scienzaunder18.net\/wordpress\/wp-content\/uploads\/2025\/12\/2025_12_11-Scienza-under-18-Milano-2\u00b0incontro-1448x2048.jpg 1448w, https:\/\/milano.scienzaunder18.net\/wordpress\/wp-content\/uploads\/2025\/12\/2025_12_11-Scienza-under-18-Milano-2\u00b0incontro-scaled.jpg 1810w\" sizes=\"auto, (max-width: 724px) 100vw, 724px\" \/><\/a><\/figure>\n<\/div>\n\n\n<div style=\"height:10px\" aria-hidden=\"true\" class=\"wp-block-spacer\"><\/div>\n\n\n\n<p><strong><img loading=\"lazy\" decoding=\"async\" title=\"news\" src=\"https:\/\/milano.scienzaunder18.net\/wordpress\/wp-content\/uploads\/2013\/09\/news-su18.png\" alt=\"\" width=\"97\" height=\"98\">manifestazione 2025 <\/strong>clicca sulla locandina per aprire la pagina dedicata<\/p>\n\n\n\n<div style=\"height:10px\" aria-hidden=\"true\" class=\"wp-block-spacer\"><\/div>\n\n\n<div class=\"wp-block-image\">\n<figure class=\"alignleft size-full is-resized\"><a href=\"https:\/\/milano.scienzaunder18.net\/wordpress\/2025-2\"><img loading=\"lazy\" decoding=\"async\" width=\"1826\" height=\"2551\" src=\"https:\/\/milano.scienzaunder18.net\/wordpress\/wp-content\/uploads\/2025\/05\/volantino-Su18-A3ok-A3-1.jpg\" alt=\"LOCANDINA 2025\" class=\"wp-image-2305\" style=\"width:350px\" title=\"LOCANDINA 2025\" srcset=\"https:\/\/milano.scienzaunder18.net\/wordpress\/wp-content\/uploads\/2025\/05\/volantino-Su18-A3ok-A3-1.jpg 1826w, https:\/\/milano.scienzaunder18.net\/wordpress\/wp-content\/uploads\/2025\/05\/volantino-Su18-A3ok-A3-1-215x300.jpg 215w, https:\/\/milano.scienzaunder18.net\/wordpress\/wp-content\/uploads\/2025\/05\/volantino-Su18-A3ok-A3-1-733x1024.jpg 733w, https:\/\/milano.scienzaunder18.net\/wordpress\/wp-content\/uploads\/2025\/05\/volantino-Su18-A3ok-A3-1-768x1073.jpg 768w, https:\/\/milano.scienzaunder18.net\/wordpress\/wp-content\/uploads\/2025\/05\/volantino-Su18-A3ok-A3-1-1099x1536.jpg 1099w, https:\/\/milano.scienzaunder18.net\/wordpress\/wp-content\/uploads\/2025\/05\/volantino-Su18-A3ok-A3-1-1466x2048.jpg 1466w\" sizes=\"auto, (max-width: 1826px) 100vw, 1826px\" \/><\/a><\/figure>\n<\/div>\n\n\n<div style=\"height:35px\" aria-hidden=\"true\" class=\"wp-block-spacer\"><\/div>\n\n\n\n<p>&nbsp;<strong><img loading=\"lazy\" decoding=\"async\" title=\"news\" width=\"97\" height=\"98\" src=\"https:\/\/milano.scienzaunder18.net\/wordpress\/wp-content\/uploads\/2013\/09\/news-su18.png\" alt=\"\">festival dei diritti dei bambini <\/strong>clicca sulla locandina per aprire la pagina dedicata<\/p>\n\n\n\n<div style=\"height:10px\" aria-hidden=\"true\" class=\"wp-block-spacer\"><\/div>\n\n\n<div class=\"wp-block-image\">\n<figure class=\"alignleft size-full is-resized\"><a href=\"https:\/\/milano.scienzaunder18.net\/wordpress\/festival-dei-diritti-dei-bambini\/\" target=\"_blank\" rel=\"noopener\"><img loading=\"lazy\" decoding=\"async\" width=\"1587\" height=\"2245\" src=\"https:\/\/milano.scienzaunder18.net\/wordpress\/wp-content\/uploads\/2024\/11\/locandina-Scienza-Under-18-novembre2024.png\" alt=\"\" class=\"wp-image-2275\" style=\"width:350px\" srcset=\"https:\/\/milano.scienzaunder18.net\/wordpress\/wp-content\/uploads\/2024\/11\/locandina-Scienza-Under-18-novembre2024.png 1587w, https:\/\/milano.scienzaunder18.net\/wordpress\/wp-content\/uploads\/2024\/11\/locandina-Scienza-Under-18-novembre2024-212x300.png 212w, https:\/\/milano.scienzaunder18.net\/wordpress\/wp-content\/uploads\/2024\/11\/locandina-Scienza-Under-18-novembre2024-724x1024.png 724w, https:\/\/milano.scienzaunder18.net\/wordpress\/wp-content\/uploads\/2024\/11\/locandina-Scienza-Under-18-novembre2024-768x1086.png 768w, https:\/\/milano.scienzaunder18.net\/wordpress\/wp-content\/uploads\/2024\/11\/locandina-Scienza-Under-18-novembre2024-1086x1536.png 1086w, https:\/\/milano.scienzaunder18.net\/wordpress\/wp-content\/uploads\/2024\/11\/locandina-Scienza-Under-18-novembre2024-1448x2048.png 1448w\" sizes=\"auto, (max-width: 1587px) 100vw, 1587px\" \/><\/a><\/figure>\n<\/div>\n\n\n<p><span style=\"color: #ffffff;\"><strong>.<\/strong><\/span><\/p>\n\n\n\n<div style=\"height:35px\" aria-hidden=\"true\" class=\"wp-block-spacer\"><\/div>\n\n\n\n<p><span style=\"color: #ffffff;\"><strong>.<\/strong>.<\/span><strong><img loading=\"lazy\" decoding=\"async\" title=\"news\" width=\"97\" height=\"98\" src=\"https:\/\/milano.scienzaunder18.net\/wordpress\/wp-content\/uploads\/2013\/09\/news-su18.png\" alt=\"\">scienza e fotografia<\/strong> clicca sulla locandina per aprire la pagina dedicata<\/p>\n\n\n\n<div style=\"height:10px\" aria-hidden=\"true\" class=\"wp-block-spacer\"><\/div>\n\n\n\n<figure class=\"wp-block-image size-full is-resized\"><a href=\"https:\/\/milano.scienzaunder18.net\/wordpress\/scienza-e-fotografia\/\" target=\"_blank\" rel=\"noopener\"><img loading=\"lazy\" decoding=\"async\" width=\"655\" height=\"928\" src=\"https:\/\/milano.scienzaunder18.net\/wordpress\/wp-content\/uploads\/2024\/09\/scienza-e-fotografia-Su18Milano.jpg\" alt=\"\" class=\"wp-image-2268\" style=\"width:350px\" srcset=\"https:\/\/milano.scienzaunder18.net\/wordpress\/wp-content\/uploads\/2024\/09\/scienza-e-fotografia-Su18Milano.jpg 655w, https:\/\/milano.scienzaunder18.net\/wordpress\/wp-content\/uploads\/2024\/09\/scienza-e-fotografia-Su18Milano-212x300.jpg 212w\" sizes=\"auto, (max-width: 655px) 100vw, 655px\" \/><\/a><\/figure>\n\n\n\n<div style=\"height:35px\" aria-hidden=\"true\" class=\"wp-block-spacer\"><\/div>\n\n\n\n<p><strong><img loading=\"lazy\" decoding=\"async\" title=\"news\" src=\"https:\/\/milano.scienzaunder18.net\/wordpress\/wp-content\/uploads\/2013\/09\/news-su18.png\" alt=\"\" width=\"97\" height=\"98\">manifestazione 2024<\/strong> clicca sulla locandina per aprire la pagina dedicata<\/p>\n\n\n\n<div style=\"height:10px\" aria-hidden=\"true\" class=\"wp-block-spacer\"><\/div>\n\n\n<div class=\"wp-block-image\">\n<figure class=\"alignleft size-full is-resized\"><a href=\"https:\/\/milano.scienzaunder18.net\/wordpress\/manifestazioni\/2024-2\/\" target=\"_blank\" rel=\"noopener\"><img loading=\"lazy\" decoding=\"async\" width=\"1829\" height=\"2560\" src=\"https:\/\/milano.scienzaunder18.net\/wordpress\/wp-content\/uploads\/2024\/05\/2024-MANIFESTAZIONE-MILANO-scaled.jpg\" alt=\"\" class=\"wp-image-2199\" style=\"width:350px\" srcset=\"https:\/\/milano.scienzaunder18.net\/wordpress\/wp-content\/uploads\/2024\/05\/2024-MANIFESTAZIONE-MILANO-scaled.jpg 1829w, https:\/\/milano.scienzaunder18.net\/wordpress\/wp-content\/uploads\/2024\/05\/2024-MANIFESTAZIONE-MILANO-214x300.jpg 214w, https:\/\/milano.scienzaunder18.net\/wordpress\/wp-content\/uploads\/2024\/05\/2024-MANIFESTAZIONE-MILANO-731x1024.jpg 731w, https:\/\/milano.scienzaunder18.net\/wordpress\/wp-content\/uploads\/2024\/05\/2024-MANIFESTAZIONE-MILANO-768x1075.jpg 768w, https:\/\/milano.scienzaunder18.net\/wordpress\/wp-content\/uploads\/2024\/05\/2024-MANIFESTAZIONE-MILANO-1097x1536.jpg 1097w, https:\/\/milano.scienzaunder18.net\/wordpress\/wp-content\/uploads\/2024\/05\/2024-MANIFESTAZIONE-MILANO-1463x2048.jpg 1463w\" sizes=\"auto, (max-width: 1829px) 100vw, 1829px\" \/><\/a><\/figure>\n<\/div>\n\n\n<div style=\"height:35px\" aria-hidden=\"true\" class=\"wp-block-spacer\"><\/div>\n\n\n\n<p><span style=\"color: #ffffff;\"><a style=\"color: #ffffff;\" href=\"https:\/\/milano.scienzaunder18.net\/wordpress\/manifestazioni\/2024-2\/\" target=\"_blank\" rel=\"noopener\">.<\/a><\/span><strong><img loading=\"lazy\" decoding=\"async\" title=\"news\" width=\"97\" height=\"98\" src=\"https:\/\/milano.scienzaunder18.net\/wordpress\/wp-content\/uploads\/2013\/09\/news-su18.png\" alt=\"\">Podcast<br><\/strong>\u00e8 ora disponibile il podcast realizzato con gli studenti della 3A da Antonello Schioppa, docente dell&#8217;I.C. Cappelli (Trotter)<\/p>\n\n\n\n<div style=\"height:10px\" aria-hidden=\"true\" class=\"wp-block-spacer\"><\/div>\n\n\n\n<figure class=\"wp-block-audio\"><audio controls src=\"https:\/\/milano.scienzaunder18.net\/wordpress\/wp-content\/uploads\/2024\/05\/podcast-SU18-2024-Milano-compresso.mp3\"><\/audio><\/figure>\n\n\n\n<div style=\"height:35px\" aria-hidden=\"true\" class=\"wp-block-spacer\"><\/div>\n\n\n\n<p><strong><img loading=\"lazy\" decoding=\"async\" title=\"news\" width=\"97\" height=\"98\" src=\"https:\/\/milano.scienzaunder18.net\/wordpress\/wp-content\/uploads\/2013\/09\/news-su18.png\" alt=\"\"> viaggio nelle STEM<br><\/strong>gioved\u00ec 21 marzo 2024 a cura di UST Milano<\/p>\n\n\n\n<div style=\"height:10px\" aria-hidden=\"true\" class=\"wp-block-spacer\"><\/div>\n\n\n<div class=\"wp-block-image\">\n<figure class=\"alignleft\"><img loading=\"lazy\" decoding=\"async\" width=\"212\" height=\"300\" src=\"https:\/\/milano.scienzaunder18.net\/wordpress\/wp-content\/uploads\/2024\/03\/STEM_Milano_2024-212x300.jpg\" alt=\"\" class=\"wp-image-2168\" srcset=\"https:\/\/milano.scienzaunder18.net\/wordpress\/wp-content\/uploads\/2024\/03\/STEM_Milano_2024-212x300.jpg 212w, https:\/\/milano.scienzaunder18.net\/wordpress\/wp-content\/uploads\/2024\/03\/STEM_Milano_2024-724x1024.jpg 724w, https:\/\/milano.scienzaunder18.net\/wordpress\/wp-content\/uploads\/2024\/03\/STEM_Milano_2024-768x1086.jpg 768w, https:\/\/milano.scienzaunder18.net\/wordpress\/wp-content\/uploads\/2024\/03\/STEM_Milano_2024-1086x1536.jpg 1086w, https:\/\/milano.scienzaunder18.net\/wordpress\/wp-content\/uploads\/2024\/03\/STEM_Milano_2024-1448x2048.jpg 1448w, https:\/\/milano.scienzaunder18.net\/wordpress\/wp-content\/uploads\/2024\/03\/STEM_Milano_2024-scaled.jpg 1810w\" sizes=\"auto, (max-width: 212px) 100vw, 212px\" \/><\/figure>\n<\/div>\n\n\n<div style=\"height:35px\" aria-hidden=\"true\" class=\"wp-block-spacer\"><\/div>\n\n\n\n<p><span style=\"color: #ffffff;\">.<\/span><img loading=\"lazy\" decoding=\"async\" title=\"news\" src=\"https:\/\/milano.scienzaunder18.net\/wordpress\/wp-content\/uploads\/2013\/09\/news-su18.png\" alt=\"\" width=\"97\" height=\"98\"><span style=\"color: #000000;\"><strong style=\"font-size: revert;\">Il Progetto Scienza under 18. La comunicazione pubblica del sapere scientifico degli studenti come motore dell\u2019apprendimento delle discipline STEM<\/strong><\/span><\/p>\n\n\n\n<div>\n<div class=\"gmail_default\"><span style=\"color: #000000;\">Secondo incontro: 22 febbraio 2024 ore 17,00 \u2013 19,00<\/span><\/div>\n<\/div>\n\n\n\n<p>Tutto il materiale \u00e8 disponibile <span style=\"color: #ff0000;\"><a style=\"color: #ff0000;\" href=\"https:\/\/drive.google.com\/drive\/folders\/1EEs0FouGdzK3uRH5lcZWa0m9qA1Iy48N?usp=sharing\" target=\"_blank\" rel=\"noopener\">qui<\/a><\/span><\/p>\n\n\n\n<p><span style=\"color: #ffffff;\">.<\/span><\/p>\n\n\n\n<p class=\"has-text-align-left\">__________________________________________________________________<\/p>\n\n\n\n<figure class=\"wp-block-table\"><table class=\"has-fixed-layout\"><tbody><tr><td class=\"has-text-align-center\" data-align=\"center\"><figure><a href=\"https:\/\/milano.scienzaunder18.net\/wordpress\/progetti\/exhibit-interattivi\/\"><img loading=\"lazy\" decoding=\"async\" src=\"https:\/\/milano.scienzaunder18.net\/wordpress\/wp-content\/uploads\/2013\/09\/pulsante-exhibit-150x150.jpg\" alt=\"pulsante-exhibit\" width=\"150\" height=\"150\"><\/a><\/figure><br><a href=\"https:\/\/milano.scienzaunder18.net\/wordpress\/progetti\/exhibit-interattivi\/\">Cos&#8217;\u00e8 un exhibit<br><span style=\"color: #ffffff;\">.<\/span><br><span style=\"color: #ffffff;\">.<\/span><\/a><\/td><td class=\"has-text-align-center\" data-align=\"center\"><figure><a href=\"https:\/\/milano.scienzaunder18.net\/wordpress\/progetti\/scatti-di-scienza\/\"><img loading=\"lazy\" decoding=\"async\" src=\"https:\/\/milano.scienzaunder18.net\/wordpress\/wp-content\/uploads\/2013\/09\/pulsante-scatti-150x150.jpg\" alt=\"pulsante-scatti\" width=\"150\" height=\"150\"><\/a><\/figure><br><a href=\"https:\/\/milano.scienzaunder18.net\/wordpress\/progetti\/scatti-di-scienza\/progetto\/\">Il progetto<\/a><br><a href=\"https:\/\/milano.scienzaunder18.net\/wordpress\/progetti\/scatti-di-scienza\/gallerie\/\">Le gallerie<\/a><br><a href=\"https:\/\/milano.scienzaunder18.net\/wordpress\/progetti\/scatti-di-scienza\/partecipare\/\">Come partecipare<\/a><\/td><td class=\"has-text-align-center\" data-align=\"center\"><figure><a href=\"https:\/\/milano.scienzaunder18.net\/wordpress\/progetti\/sfide-alla-scienza\/\"><img loading=\"lazy\" decoding=\"async\" src=\"https:\/\/milano.scienzaunder18.net\/wordpress\/wp-content\/uploads\/2013\/09\/pulsante-sfide-150x150.jpg\" alt=\"pulsante-sfide\" width=\"150\" height=\"150\"><\/a><\/figure><br><a href=\"https:\/\/milano.scienzaunder18.net\/wordpress\/progetti\/sfide-alla-scienza\/\">Presentazione<\/a><br><a href=\"https:\/\/milano.scienzaunder18.net\/wordpress\/progetti\/sfide-alla-scienza\/cronologia\/\">Cronologia sfide passate<br><span style=\"color: #ffffff;\">. <\/span><\/a><\/td><\/tr><tr><td class=\"has-text-align-center\" data-align=\"center\"><span style=\"color: #ffffff;\">.<\/span><\/td><\/tr><tr><td class=\"has-text-align-center\" data-align=\"center\"><figure><a href=\"https:\/\/milano.scienzaunder18.net\/wordpress\/attivita\/formazione\/\"><img loading=\"lazy\" decoding=\"async\" src=\"https:\/\/milano.scienzaunder18.net\/wordpress\/wp-content\/uploads\/2013\/09\/pulsante-formazione-150x150.jpg\" alt=\"pulsante-formazione\" width=\"150\" height=\"150\"><\/a><\/figure><br><a href=\"https:\/\/milano.scienzaunder18.net\/wordpress\/attivita\/formazione\/\">Proposta formazione<br><span style=\"color: #ffffff;\"><br><\/span><\/a><a href=\"https:\/\/milano.scienzaunder18.net\/wordpress\/progetti\/teatro-scientifico\/\">&nbsp;<\/a><\/td><td class=\"has-text-align-center\" data-align=\"center\"><figure><a href=\"https:\/\/milano.scienzaunder18.net\/wordpress\/progetti\/teatro-scientifico\/\"><img loading=\"lazy\" decoding=\"async\" src=\"https:\/\/milano.scienzaunder18.net\/wordpress\/wp-content\/uploads\/2013\/09\/pulsante-teatro-150x150.jpg\" alt=\"pulsante-teatro\" width=\"150\" height=\"150\"><\/a><\/figure><br><a href=\"https:\/\/milano.scienzaunder18.net\/wordpress\/progetti\/teatro-scientifico\/\">Il progetto<br><span style=\"color: #ffffff;\"><br><\/span><\/a><a href=\"https:\/\/milano.scienzaunder18.net\/wordpress\/progetti\/teatro-scientifico\/\">&nbsp;<\/a><\/td><td class=\"has-text-align-center\" data-align=\"center\"><figure><a href=\"https:\/\/milano.scienzaunder18.net\/wordpress\/progetti\/alternanza-scuola-lavoro\/\" target=\"_blank\" rel=\"noopener noreferrer\"><img loading=\"lazy\" decoding=\"async\" class=\"alignnone\" src=\"https:\/\/milano.scienzaunder18.net\/wordpress\/wp-content\/uploads\/2013\/09\/pulsante-alternanza-150x150.jpg\" alt=\"pulsante-alternanza\" width=\"150\" height=\"150\"><\/a><\/figure><br><a href=\"https:\/\/milano.scienzaunder18.net\/wordpress\/progetti\/alternanza-scuola-lavoro\/\">Il progetto<br><\/a><a href=\"https:\/\/milano.scienzaunder18.net\/wordpress\/wp-content\/uploads\/2016\/12\/convenzione-casiraghi-firmata.pdf\" target=\"_blank\" rel=\"noopener noreferrer\">La convenzione con l&#8217;IIS Casiraghi<\/a><br><a href=\"https:\/\/milano.scienzaunder18.net\/wordpress\/wp-content\/uploads\/2013\/09\/convenzione-LS-M.-Curie-Tradate.pdf\" target=\"_blank\" rel=\"noopener noreferrer\">La convenzione con&nbsp;il LS M. Curie<\/a><\/td><\/tr><\/tbody><\/table><\/figure>\n\n\n\n<div>&nbsp;<\/div>\n\n\n\n<figure class=\"wp-block-image\"><img decoding=\"async\" src=\"https:\/\/milano.scienzaunder18.net\/wordpress\/wp-content\/uploads\/2013\/09\/news-su18.png\" alt=\"\" title=\"news\"\/><\/figure>\n\n\n\n<p><\/p>\n\n\n\n<p><strong>Cerco \/ Offro<\/strong><\/p>\n\n\n\n<p>Apriamo una nuova sezione dal titolo Cerco \/ Offro.<br>I docenti che hanno bisogno di qualche aiuto da parte della comunit\u00e0 Su18 (tipo cerco geologo; chi \u00e8 andato in gita a Citt\u00e0 della Scienza, cerco docente con cui condividere un laboratorio sulle rane, &#8230;) o quelli che vogliono mettere a disposizione un&#8217;esperienza o una competenza (tipo: come ho valutato le competenze di teatro scienza) possono mandare la loro richiesta a su18.milano@gmail.com . Tutte le offerte verranno pubblicate nella pagina <a href=\"https:\/\/milano.scienzaunder18.net\/wordpress\/attivita\/cerco-offro\/\">Cerco \/ Offro<\/a><\/p>\n","protected":false},"excerpt":{"rendered":"<p>&#8220;Abbiamo scoperto che la scienza \u00e8 difficile, ma se non lo fosse non ci divertiremmo&#8221; Scienza under18 Milano \u00e8 un progetto sull\u2019educazione scientifica nato all\u2019interno dell\u2019Istituto sperimentale Rinascita A. Livi di Milano nel 1997 con l\u2019obiettivo di valorizzare l\u2019attivit\u00e0 degli studenti e l\u2019impegno &nbsp;dei docenti e per rendere visibili le buone pratiche di scienza prodotte [&hellip;]<\/p>\n","protected":false},"author":2,"featured_media":0,"parent":0,"menu_order":0,"comment_status":"closed","ping_status":"closed","template":"","meta":{"footnotes":""},"class_list":["post-942","page","type-page","status-publish","hentry"],"blog_post_layout_featured_media_urls":{"thumbnail":"","full":""},"categories_names":null,"comments_number":"0","wpmagazine_modules_lite_featured_media_urls":{"thumbnail":"","cvmm-medium":"","cvmm-medium-plus":"","cvmm-portrait":"","cvmm-medium-square":"","cvmm-large":"","cvmm-small":"","full":""},"_links":{"self":[{"href":"https:\/\/milano.scienzaunder18.net\/wordpress\/wp-json\/wp\/v2\/pages\/942","targetHints":{"allow":["GET"]}}],"collection":[{"href":"https:\/\/milano.scienzaunder18.net\/wordpress\/wp-json\/wp\/v2\/pages"}],"about":[{"href":"https:\/\/milano.scienzaunder18.net\/wordpress\/wp-json\/wp\/v2\/types\/page"}],"author":[{"embeddable":true,"href":"https:\/\/milano.scienzaunder18.net\/wordpress\/wp-json\/wp\/v2\/users\/2"}],"replies":[{"embeddable":true,"href":"https:\/\/milano.scienzaunder18.net\/wordpress\/wp-json\/wp\/v2\/comments?post=942"}],"version-history":[{"count":3,"href":"https:\/\/milano.scienzaunder18.net\/wordpress\/wp-json\/wp\/v2\/pages\/942\/revisions"}],"predecessor-version":[{"id":33131,"href":"https:\/\/milano.scienzaunder18.net\/wordpress\/wp-json\/wp\/v2\/pages\/942\/revisions\/33131"}],"wp:attachment":[{"href":"https:\/\/milano.scienzaunder18.net\/wordpress\/wp-json\/wp\/v2\/media?parent=942"}],"curies":[{"name":"wp","href":"https:\/\/api.w.org\/{rel}","templated":true}]}}